{"id":2850,"date":"2025-03-08T05:37:40","date_gmt":"2025-03-08T13:37:40","guid":{"rendered":"https:\/\/capca.ca\/a-propos-de-nous\/our-history\/"},"modified":"2025-09-14T12:12:04","modified_gmt":"2025-09-14T19:12:04","slug":"notre-histoire","status":"publish","type":"page","link":"https:\/\/capca.ca\/fr\/a-propos-de-nous\/notre-histoire\/","title":{"rendered":"Notre histoire"},"content":{"rendered":"\n<div>\n<div class=\"capca-container\">\n<div class=\"gb-element-f3f08d02\">\n<h2 id=\"dune-collaboration-informelle-a-un-reseau-officiel\" class=\"gb-text\">D\u2019une collaboration informelle \u00e0 un r\u00e9seau officiel<\/h2>\n\n\n\n<p class=\"wp-block-paragraph\">L\u2019ACAPC est n\u00e9e au d\u00e9but des ann\u00e9es 1980 d\u2019une collaboration informelle entre les organismes et les programmes de lutte contre le cancer des provinces de l\u2019Ouest, dans le but d\u2019\u00e9changer des connaissances et de traiter de questions d\u2019int\u00e9r\u00eat commun. Tout au long des ann\u00e9es 1980, ce r\u00e9seau de collaboration s\u2019est \u00e9tendu \u00e0 d\u2019autres provinces et, \u00e0 la fin de la d\u00e9cennie, toutes les provinces canadiennes y participaient.<\/p>\n\n\n\n<p class=\"wp-block-paragraph\">Au d\u00e9but des ann\u00e9es 1990, l\u2019ACAPC a commenc\u00e9 \u00e0 adopter une approche plus structur\u00e9e et strat\u00e9gique de son travail, ax\u00e9e sur des domaines tels que le partage d\u2019informations et de donn\u00e9es, l\u2019\u00e9ducation, l\u2019\u00e9laboration de politiques et la collaboration avec des partenaires nationaux. L\u2019ACAPC a franchi une \u00e9tape importante de son histoire en 1999, lorsqu\u2019elle s\u2019est officiellement constitu\u00e9e en association et a nomm\u00e9 son premier directeur g\u00e9n\u00e9ral, ouvrant ainsi un nouveau chapitre de sa croissance et de son influence.<\/p>\n\n\n\n<p class=\"wp-block-paragraph\">Les travaux de l\u2019ACAPC men\u00e9s en collaboration avec des organisations partenaires ont influenc\u00e9 les politiques de lutte contre le cancer et soutenu la recherche sur cette maladie. Ils ont permis, entre autres, de :<\/p>\n\n\n\n<ul class=\"wp-block-list\">\n<li>Collaborer avec des partenaires nationaux et provinciaux pour soutenir la mise en \u0153uvre de la Strat\u00e9gie canadienne de lutte contre le cancer, coordonn\u00e9e par le Partenariat canadien contre le cancer.<\/li>\n\n\n\n<li>Attirer l\u2019attention sur la n\u00e9cessit\u00e9 de la recherche sur la lutte contre le cancer. Les efforts conjugu\u00e9s de l\u2019ACAPC et d\u2019autres organismes ont abouti \u00e0 la cr\u00e9ation de l\u2019Institut du cancer au sein de l\u2019Institut de recherche en sant\u00e9 du Canada.<\/li>\n\n\n\n<li>Encourager les discussions \u00e0 l\u2019\u00e9chelle du Canada pour am\u00e9liorer les soins aux patients dans les centres de traitement du cancer.<\/li>\n\n\n\n<li>Reconna\u00eetre la n\u00e9cessit\u00e9 d\u2019une banque canadienne de tissus pour aider les chercheurs \u00e0 acc\u00e9der \u00e0 des \u00e9chantillons de tissus pour leurs \u00e9tudes et ainsi accro\u00eetre le taux de d\u00e9couverte.<\/li>\n<\/ul>\n\n\n\n<div class=\"gb-element-85d69e1d inner-cta two\">\n<h2 id=\"nos-priorites-et-notre-influence\" class=\"gb-text\">Nos priorit\u00e9s et notre influence<\/h2>\n\n\n\n<p class=\"gb-text\">Pour en savoir plus sur nos priorit\u00e9s strat\u00e9giques actuelles et nos principales r\u00e9alisations \u00e0 ce jour :<\/p>\n\n\n\n<div>\n<a class=\"gb-text capca-button-primary\" href=\"https:\/\/capca.ca\/wp-content\/uploads\/2025\/04\/CAPCA-Strat-Plan-2023-26_Public_FINAL.pdf\">Plan strat\u00e9gique 2023-2026<\/a>\n\n\n\n<a class=\"gb-text capca-button-primary\" href=\"https:\/\/capca.ca\/fr\/actualites\/?_s=Revue%20de%20l%E2%80%99ann%C3%A9e\">Rapports annuels d\u2019activit\u00e9<\/a>\n<\/div>\n<\/div>\n<\/div>\n<\/div>\n<\/div>\n","protected":false},"excerpt":{"rendered":"<p>D\u2019une collaboration informelle \u00e0 un r\u00e9seau officiel <\/p>\n<p>L\u2019ACAPC est n\u00e9e au d\u00e9but des ann\u00e9es 1980 d\u2019une collaboration informelle entre les organismes et les programmes de lutte contre le cancer des provinces de l\u2019Ouest, dans le but d\u2019\u00e9changer des connaissances et&#8230;<\/p>\n","protected":false},"author":1,"featured_media":0,"parent":634,"menu_order":5,"comment_status":"closed","ping_status":"closed","template":"","meta":{"_acf_changed":false,"_crdt_document":"","_piecal_is_recurring":false,"_piecal_recurring_interval":1,"_piecal_recurring_frequency":"","_piecal_recurring_exact_position":false,"_piecal_recurring_end":"","_piecal_color":"","_piecal_text_color":"","_piecal_global_color_master":false,"_piecal_rsets":"[]","_piecal_is_event":false,"_piecal_start_date":"","_piecal_end_date":"","_piecal_is_allday":false,"inline_featured_image":false,"footnotes":""},"class_list":["post-2850","page","type-page","status-publish"],"acf":[],"_links":{"self":[{"href":"https:\/\/capca.ca\/fr\/wp-json\/wp\/v2\/pages\/2850","targetHints":{"allow":["GET"]}}],"collection":[{"href":"https:\/\/capca.ca\/fr\/wp-json\/wp\/v2\/pages"}],"about":[{"href":"https:\/\/capca.ca\/fr\/wp-json\/wp\/v2\/types\/page"}],"author":[{"embeddable":true,"href":"https:\/\/capca.ca\/fr\/wp-json\/wp\/v2\/users\/1"}],"replies":[{"embeddable":true,"href":"https:\/\/capca.ca\/fr\/wp-json\/wp\/v2\/comments?post=2850"}],"version-history":[{"count":4,"href":"https:\/\/capca.ca\/fr\/wp-json\/wp\/v2\/pages\/2850\/revisions"}],"predecessor-version":[{"id":4382,"href":"https:\/\/capca.ca\/fr\/wp-json\/wp\/v2\/pages\/2850\/revisions\/4382"}],"up":[{"embeddable":true,"href":"https:\/\/capca.ca\/fr\/wp-json\/wp\/v2\/pages\/634"}],"wp:attachment":[{"href":"https:\/\/capca.ca\/fr\/wp-json\/wp\/v2\/media?parent=2850"}],"curies":[{"name":"wp","href":"https:\/\/api.w.org\/{rel}","templated":true}]}}